{"id":887,"date":"2020-10-24T23:06:28","date_gmt":"2020-10-24T21:06:28","guid":{"rendered":"https:\/\/sitewp.amasc-sacrecoeur.net\/?page_id=887"},"modified":"2021-06-16T11:22:17","modified_gmt":"2021-06-16T09:22:17","slug":"some-great-figures","status":"publish","type":"page","link":"https:\/\/amasc.org\/es\/partners\/the-rscj-and-the-society-of-the-sacred-heart\/their-spirituality\/some-great-figures\/","title":{"rendered":"Some great figures"},"content":{"rendered":"<div class=\"wp-block-columns is-layout-flex wp-container-core-columns-is-layout-9d6595d7 wp-block-columns-is-layout-flex\">\n<div class=\"wp-block-column is-layout-flow wp-block-column-is-layout-flow\" style=\"flex-basis:100%\">\n<h2 class=\"wp-block-heading\"><span style=\"color:#b72424\" class=\"has-inline-color\">Algunas grandes figuras de rscj<\/span><\/h2>\n\n\n\n<p class=\"has-medium-font-size\"><strong><strong>Santa Magdalena Sof\u00eda Barat: una mujer de fuego<\/strong><\/strong><\/p>\n\n\n\n<div class=\"wp-block-media-text alignwide is-stacked-on-mobile is-vertically-aligned-top\" style=\"grid-template-columns:27% auto\"><figure class=\"wp-block-media-text__media\"><img loading=\"lazy\" decoding=\"async\" width=\"260\" height=\"300\" src=\"https:\/\/amasc.org\/wp-content\/uploads\/img_rscj_figures_1-260x300.jpg\" alt=\"\" class=\"wp-image-879 size-medium\" srcset=\"https:\/\/amasc.org\/wp-content\/uploads\/img_rscj_figures_1-260x300.jpg 260w, https:\/\/amasc.org\/wp-content\/uploads\/img_rscj_figures_1.jpg 330w\" sizes=\"auto, (max-width: 260px) 100vw, 260px\" \/><\/figure><div class=\"wp-block-media-text__content\">\n<p>Nacida en 1779 en la peque\u00f1a ciudad borgo\u00f1ona de Joigny (Francia), en el seno de una familia de artesanos toneleros, siente muy joven la llamada a la vida religiosa y proyecta hacerse carmelita. Marcada por la Revoluci\u00f3n Francesa (1789-1799), quiere unir su llamada a la vida contemplativa y su deseo de recristianizar la sociedad de su tiempo.<\/p>\n\n\n\n<p>Por consejo del padre jesuita Joseph Varin, decide dedicarse a la educaci\u00f3n de las j\u00f3venes, que considera la mejor manera de difundir el amor del Coraz\u00f3n de Jes\u00fas en el mundo.<\/p>\n\n\n\n<p>El 21 de noviembre de 1800, a la edad de veinte a\u00f1os, hizo sus primeros votos en Par\u00eds con otras tres compa\u00f1eras. Un a\u00f1o m\u00e1s tarde, se traslada a Amiens, donde funda la primera escuela del Sagrado Coraz\u00f3n.<\/p>\n\n\n\n<p>Enraizada en Jes\u00fas a trav\u00e9s de la oraci\u00f3n, muestra una energ\u00eda inagotable a pesar de una salud fr\u00e1gil, multiplicando los desplazamientos y las correspondencias (\u00a1m\u00e1s de 14.000 cartas!) para preservar la unidad de la Compa\u00f1\u00eda.<\/p>\n\n\n\n<p>Toda su vida fue consciente de la necesidad de adaptarse al mundo cambiante. \"Los tiempos cambian y nosotros tambi\u00e9n debemos cambiar nuestra manera de pensar\", escribe a Philippine Duchesne en 1831.<\/p>\n\n\n\n<p>Muri\u00f3 el 25 de mayo de 1865 en la casa madre del Boulevard des Invalides de Par\u00eds.<\/p>\n\n\n\n<p style=\"text-align: center;\"><iframe loading=\"lazy\" title=\"Reproductor de v\u00eddeo YouTube\" src=\"https:\/\/www.youtube.com\/embed\/DlB99hhL4n8?hl=fr&amp;cc_lang_pref=en&amp;cc_load_policy=1\" width=\"560\" height=\"315\" frameborder=\"0\" allowfullscreen=\"allowfullscreen\"><\/iframe><br \/><em>Un v\u00eddeo, creado para la Provincia BFN (Belgique France Nederland) y el Centro Sophie Barat de Joigny por Quentin Pouteau, narra maravillosamente la historia de Magdalena Sof\u00eda y la fundaci\u00f3n de nuestra Sociedad. <\/em><\/p>\n<\/div><\/div>\n\n\n\n<div style=\"height:30px\" aria-hidden=\"true\" class=\"wp-block-spacer\"><\/div>\n\n\n\n<p class=\"has-medium-font-size\"><strong><strong>Santa Filipina Duchesne: \" la mujer que siempre rezaba \"<\/strong><\/strong><\/p>\n\n\n\n<div class=\"wp-block-media-text alignwide is-stacked-on-mobile is-vertically-aligned-top\" style=\"grid-template-columns:27% auto\"><figure class=\"wp-block-media-text__media\"><img loading=\"lazy\" decoding=\"async\" width=\"330\" height=\"416\" src=\"https:\/\/amasc.org\/wp-content\/uploads\/img_rscj_figures_2.jpg\" alt=\"\" class=\"wp-image-880 size-full\" srcset=\"https:\/\/amasc.org\/wp-content\/uploads\/img_rscj_figures_2.jpg 330w, https:\/\/amasc.org\/wp-content\/uploads\/img_rscj_figures_2-238x300.jpg 238w\" sizes=\"auto, (max-width: 330px) 100vw, 330px\" \/><\/figure><div class=\"wp-block-media-text__content\">\n<p>Nacido en 1769 en una familia de notables Grenoble, Philippine Duchesne muy joven siente una llamada para las misiones lejanas, ella no ve c\u00f3mo lograr en la Orden de la Visitaci\u00f3n donde ingres\u00f3. La Revoluci\u00f3n haber dispersado a su comunidad, ella compr\u00f3 su antiguo monasterio donde acogi\u00f3 a la madre Barat en 1804, y decidi\u00f3 convertirse en una religiosa del Sagrado Coraz\u00f3n.<\/p>\n\n\n\n<p>En 1818, cuando el obispo de Luisiana pidi\u00f3 a la madre Barat que enviara monjas a Estados Unidos, Filipina se embarc\u00f3 hacia Nueva Orleans con cuatro compa\u00f1eras.<\/p>\n\n\n\n<p>A pesar de importantes dificultades, la peque\u00f1a comunidad se traslada a Saint-Charles, donde abre r\u00e1pidamente la primera escuela. La Madre Duchesne tiene una actividad y una dedicaci\u00f3n fuera de lo com\u00fan. En 1841 realiza por fin su sue\u00f1o de ir a vivir entre los Potawatomi, donde, demasiado vieja para ense\u00f1ar, es conocida por los indios como \" la mujer que siempre reza \".<\/p>\n\n\n\n<p>Muri\u00f3 en Saint-Charles en 1852 y fue canonizada en 1988.<\/p>\n<\/div><\/div>\n\n\n\n<div style=\"height:30px\" aria-hidden=\"true\" class=\"wp-block-spacer\"><\/div>\n\n\n\n<p class=\"has-medium-font-size\"><strong><strong>Madre Janet Erskine Stuart: una infatigable buscadora de Dios<\/strong><\/strong><\/p>\n\n\n\n<div class=\"wp-block-media-text alignwide is-stacked-on-mobile is-vertically-aligned-top\" style=\"grid-template-columns:27% auto\"><figure class=\"wp-block-media-text__media\"><img loading=\"lazy\" decoding=\"async\" width=\"330\" height=\"392\" src=\"https:\/\/amasc.org\/wp-content\/uploads\/img_rscj_figures_3.jpg\" alt=\"\" class=\"wp-image-881 size-full\" srcset=\"https:\/\/amasc.org\/wp-content\/uploads\/img_rscj_figures_3.jpg 330w, https:\/\/amasc.org\/wp-content\/uploads\/img_rscj_figures_3-253x300.jpg 253w\" sizes=\"auto, (max-width: 330px) 100vw, 330px\" \/><\/figure><div class=\"wp-block-media-text__content\">\n<p>Nacida el 11 de noviembre de 1857 en Cottesmore (Inglaterra), Janet Stuart es la menor de los trece hijos de un rector anglicano. Joven muy dotada intelectualmente, que habla varios idiomas, desde los 13 a\u00f1os la atormenta la cuesti\u00f3n de su \u00faltimo fin. Su b\u00fasqueda de sentido la lleva a convertirse al catolicismo a los 21 a\u00f1os.<\/p>\n\n\n\n<p>Ingres\u00f3 en el Sagrado Coraz\u00f3n de Roehampton en 1882, fue elegida Superiora General del Sagrado Coraz\u00f3n en 1911, y pas\u00f3 los tres primeros a\u00f1os de su mandato visitando los conventos de la Sociedad en el mundo.<\/p>\n\n\n\n<p>Enferma, muri\u00f3 el 21 de octubre de 1914 en Inglaterra, adonde hab\u00eda regresado en busca de tratamiento.<\/p>\n<\/div><\/div>\n\n\n\n<div style=\"height:30px\" aria-hidden=\"true\" class=\"wp-block-spacer\"><\/div>\n\n\n\n<p class=\"has-medium-font-size\"><strong>Sor Josefa Men\u00e9ndez: al servicio del Amor<\/strong><\/p>\n\n\n\n<div class=\"wp-block-media-text alignwide is-stacked-on-mobile is-vertically-aligned-top\" style=\"grid-template-columns:28% auto\"><figure class=\"wp-block-media-text__media\"><img loading=\"lazy\" decoding=\"async\" width=\"330\" height=\"399\" src=\"https:\/\/amasc.org\/wp-content\/uploads\/img_rscj_figures_4.jpg\" alt=\"\" class=\"wp-image-882 size-full\" srcset=\"https:\/\/amasc.org\/wp-content\/uploads\/img_rscj_figures_4.jpg 330w, https:\/\/amasc.org\/wp-content\/uploads\/img_rscj_figures_4-248x300.jpg 248w\" sizes=\"auto, (max-width: 330px) 100vw, 330px\" \/><\/figure><div class=\"wp-block-media-text__content\">\n<p>Nacida en Madrid en 1890 en el seno de una familia muy cristiana, decide a los 11 a\u00f1os ser \"toda de Dios\". Tras un grave accidente de su padre, la familia cae en la pobreza y Josefa cubre las necesidades de su familia convirti\u00e9ndose en costurera. A la muerte de su padre, en 1912, las l\u00e1grimas de su madre le impiden entrar en el convento como ella deseaba.<\/p>\n\n\n\n<p>El 4 de febrero de 1920, el d\u00eda de su 30 cumplea\u00f1os, deja Espa\u00f1a para ir al noviciado de Poitiers. Apenas familiarizada con la lengua francesa, pero llevada por el amor de Jes\u00fas, inteligente, activa y generosa, posee ya una profunda vida interior, madurada por la prueba.<\/p>\n\n\n\n<p>Hasta su muerte, el 29 de diciembre de 1923, vivi\u00f3 durante cuatro a\u00f1os en la Feuillant en el olvido del trabajo cotidiano: limpieza, costura, sacrist\u00eda... Pero en realidad, el Se\u00f1or se le manifestaba casi a diario, pidi\u00e9ndole que fuera portadora de un nuevo mensaje de amor y misericordia para el mundo.<\/p>\n<\/div><\/div>\n<\/div>\n<\/div>\n\n\n\n<p><\/p>","protected":false},"excerpt":{"rendered":"<p>Some great figures of rscj Saint Madeleine Sophie Barat: a woman of fire Born in 1779 in the small Burgundy town of Joigny in France, in a family of coopers artisans, she feels very young the call to a religious life and plans to become Carmelite. Marked by the French Revolution (1789-1799), she wanted to&#8230;<\/p>","protected":false},"author":6,"featured_media":0,"parent":872,"menu_order":0,"comment_status":"closed","ping_status":"closed","template":"","meta":{"_acf_changed":false,"_kad_blocks_custom_css":"","_kad_blocks_head_custom_js":"","_kad_blocks_body_custom_js":"","_kad_blocks_footer_custom_js":"","_kad_post_transparent":"","_kad_post_title":"","_kad_post_layout":"","_kad_post_sidebar_id":"","_kad_post_content_style":"","_kad_post_vertical_padding":"","_kad_post_feature":"","_kad_post_feature_position":"","_kad_post_header":false,"_kad_post_footer":false,"_kad_post_classname":"","footnotes":""},"class_list":["post-887","page","type-page","status-publish","hentry"],"acf":[],"yoast_head":"<!-- This site is optimized with the Yoast SEO plugin v26.4 - https:\/\/yoast.com\/wordpress\/plugins\/seo\/ -->\n<title>Some great figures - AMASC<\/title>\n<meta name=\"robots\" content=\"index, follow, max-snippet:-1, max-image-preview:large, max-video-preview:-1\" \/>\n<link rel=\"canonical\" href=\"https:\/\/amasc.org\/es\/partners\/the-rscj-and-the-society-of-the-sacred-heart\/their-spirituality\/some-great-figures\/\" \/>\n<meta property=\"og:locale\" content=\"es_ES\" \/>\n<meta property=\"og:type\" content=\"article\" \/>\n<meta property=\"og:title\" content=\"Some great figures - AMASC\" \/>\n<meta property=\"og:description\" content=\"Some great figures of rscj Saint Madeleine Sophie Barat: a woman of fire Born in 1779 in the small Burgundy town of Joigny in France, in a family of coopers artisans, she feels very young the call to a religious life and plans to become Carmelite. Marked by the French Revolution (1789-1799), she wanted to...\" \/>\n<meta property=\"og:url\" content=\"https:\/\/amasc.org\/es\/partners\/the-rscj-and-the-society-of-the-sacred-heart\/their-spirituality\/some-great-figures\/\" \/>\n<meta property=\"og:site_name\" content=\"AMASC\" \/>\n<meta property=\"article:modified_time\" content=\"2021-06-16T09:22:17+00:00\" \/>\n<meta property=\"og:image\" content=\"https:\/\/amasc.org\/wp-content\/uploads\/img_rscj_figures_1-260x300.jpg\" \/>\n<meta name=\"twitter:card\" content=\"summary_large_image\" \/>\n<meta name=\"twitter:label1\" content=\"Tiempo de lectura\" \/>\n\t<meta name=\"twitter:data1\" content=\"3 minutos\" \/>\n<script type=\"application\/ld+json\" class=\"yoast-schema-graph\">{\"@context\":\"https:\/\/schema.org\",\"@graph\":[{\"@type\":\"WebPage\",\"@id\":\"https:\/\/amasc.org\/partners\/the-rscj-and-the-society-of-the-sacred-heart\/their-spirituality\/some-great-figures\/\",\"url\":\"https:\/\/amasc.org\/partners\/the-rscj-and-the-society-of-the-sacred-heart\/their-spirituality\/some-great-figures\/\",\"name\":\"Some great figures - AMASC\",\"isPartOf\":{\"@id\":\"https:\/\/amasc.org\/#website\"},\"primaryImageOfPage\":{\"@id\":\"https:\/\/amasc.org\/partners\/the-rscj-and-the-society-of-the-sacred-heart\/their-spirituality\/some-great-figures\/#primaryimage\"},\"image\":{\"@id\":\"https:\/\/amasc.org\/partners\/the-rscj-and-the-society-of-the-sacred-heart\/their-spirituality\/some-great-figures\/#primaryimage\"},\"thumbnailUrl\":\"https:\/\/amasc.org\/wp-content\/uploads\/img_rscj_figures_1-260x300.jpg\",\"datePublished\":\"2020-10-24T21:06:28+00:00\",\"dateModified\":\"2021-06-16T09:22:17+00:00\",\"breadcrumb\":{\"@id\":\"https:\/\/amasc.org\/partners\/the-rscj-and-the-society-of-the-sacred-heart\/their-spirituality\/some-great-figures\/#breadcrumb\"},\"inLanguage\":\"es\",\"potentialAction\":[{\"@type\":\"ReadAction\",\"target\":[\"https:\/\/amasc.org\/partners\/the-rscj-and-the-society-of-the-sacred-heart\/their-spirituality\/some-great-figures\/\"]}]},{\"@type\":\"ImageObject\",\"inLanguage\":\"es\",\"@id\":\"https:\/\/amasc.org\/partners\/the-rscj-and-the-society-of-the-sacred-heart\/their-spirituality\/some-great-figures\/#primaryimage\",\"url\":\"https:\/\/amasc.org\/wp-content\/uploads\/img_rscj_figures_1-260x300.jpg\",\"contentUrl\":\"https:\/\/amasc.org\/wp-content\/uploads\/img_rscj_figures_1-260x300.jpg\"},{\"@type\":\"BreadcrumbList\",\"@id\":\"https:\/\/amasc.org\/partners\/the-rscj-and-the-society-of-the-sacred-heart\/their-spirituality\/some-great-figures\/#breadcrumb\",\"itemListElement\":[{\"@type\":\"ListItem\",\"position\":1,\"name\":\"Home\",\"item\":\"https:\/\/amasc.org\/\"},{\"@type\":\"ListItem\",\"position\":2,\"name\":\"Relatives\",\"item\":\"https:\/\/amasc.org\/partners\/\"},{\"@type\":\"ListItem\",\"position\":3,\"name\":\"The RSCJ and the Society of the Sacred Heart\",\"item\":\"https:\/\/amasc.org\/partners\/the-rscj-and-the-society-of-the-sacred-heart\/\"},{\"@type\":\"ListItem\",\"position\":4,\"name\":\"Spirituality\",\"item\":\"https:\/\/amasc.org\/partners\/the-rscj-and-the-society-of-the-sacred-heart\/their-spirituality\/\"},{\"@type\":\"ListItem\",\"position\":5,\"name\":\"Some great figures\"}]},{\"@type\":\"WebSite\",\"@id\":\"https:\/\/amasc.org\/#website\",\"url\":\"https:\/\/amasc.org\/\",\"name\":\"AMASC\",\"description\":\"\",\"publisher\":{\"@id\":\"https:\/\/amasc.org\/#organization\"},\"potentialAction\":[{\"@type\":\"SearchAction\",\"target\":{\"@type\":\"EntryPoint\",\"urlTemplate\":\"https:\/\/amasc.org\/?s={search_term_string}\"},\"query-input\":{\"@type\":\"PropertyValueSpecification\",\"valueRequired\":true,\"valueName\":\"search_term_string\"}}],\"inLanguage\":\"es\"},{\"@type\":\"Organization\",\"@id\":\"https:\/\/amasc.org\/#organization\",\"name\":\"AMASC\",\"url\":\"https:\/\/amasc.org\/\",\"logo\":{\"@type\":\"ImageObject\",\"inLanguage\":\"es\",\"@id\":\"https:\/\/amasc.org\/#\/schema\/logo\/image\/\",\"url\":\"https:\/\/amasc.org\/wp-content\/uploads\/logo-brand-red.png\",\"contentUrl\":\"https:\/\/amasc.org\/wp-content\/uploads\/logo-brand-red.png\",\"width\":1283,\"height\":1624,\"caption\":\"AMASC\"},\"image\":{\"@id\":\"https:\/\/amasc.org\/#\/schema\/logo\/image\/\"}}]}<\/script>\n<!-- \/ Yoast SEO plugin. -->","yoast_head_json":{"title":"Some great figures - AMASC","robots":{"index":"index","follow":"follow","max-snippet":"max-snippet:-1","max-image-preview":"max-image-preview:large","max-video-preview":"max-video-preview:-1"},"canonical":"https:\/\/amasc.org\/es\/partners\/the-rscj-and-the-society-of-the-sacred-heart\/their-spirituality\/some-great-figures\/","og_locale":"es_ES","og_type":"article","og_title":"Some great figures - AMASC","og_description":"Some great figures of rscj Saint Madeleine Sophie Barat: a woman of fire Born in 1779 in the small Burgundy town of Joigny in France, in a family of coopers artisans, she feels very young the call to a religious life and plans to become Carmelite. Marked by the French Revolution (1789-1799), she wanted to...","og_url":"https:\/\/amasc.org\/es\/partners\/the-rscj-and-the-society-of-the-sacred-heart\/their-spirituality\/some-great-figures\/","og_site_name":"AMASC","article_modified_time":"2021-06-16T09:22:17+00:00","og_image":[{"url":"https:\/\/amasc.org\/wp-content\/uploads\/img_rscj_figures_1-260x300.jpg","type":"","width":"","height":""}],"twitter_card":"summary_large_image","twitter_misc":{"Tiempo de lectura":"3 minutos"},"schema":{"@context":"https:\/\/schema.org","@graph":[{"@type":"WebPage","@id":"https:\/\/amasc.org\/partners\/the-rscj-and-the-society-of-the-sacred-heart\/their-spirituality\/some-great-figures\/","url":"https:\/\/amasc.org\/partners\/the-rscj-and-the-society-of-the-sacred-heart\/their-spirituality\/some-great-figures\/","name":"Some great figures - AMASC","isPartOf":{"@id":"https:\/\/amasc.org\/#website"},"primaryImageOfPage":{"@id":"https:\/\/amasc.org\/partners\/the-rscj-and-the-society-of-the-sacred-heart\/their-spirituality\/some-great-figures\/#primaryimage"},"image":{"@id":"https:\/\/amasc.org\/partners\/the-rscj-and-the-society-of-the-sacred-heart\/their-spirituality\/some-great-figures\/#primaryimage"},"thumbnailUrl":"https:\/\/amasc.org\/wp-content\/uploads\/img_rscj_figures_1-260x300.jpg","datePublished":"2020-10-24T21:06:28+00:00","dateModified":"2021-06-16T09:22:17+00:00","breadcrumb":{"@id":"https:\/\/amasc.org\/partners\/the-rscj-and-the-society-of-the-sacred-heart\/their-spirituality\/some-great-figures\/#breadcrumb"},"inLanguage":"es","potentialAction":[{"@type":"ReadAction","target":["https:\/\/amasc.org\/partners\/the-rscj-and-the-society-of-the-sacred-heart\/their-spirituality\/some-great-figures\/"]}]},{"@type":"ImageObject","inLanguage":"es","@id":"https:\/\/amasc.org\/partners\/the-rscj-and-the-society-of-the-sacred-heart\/their-spirituality\/some-great-figures\/#primaryimage","url":"https:\/\/amasc.org\/wp-content\/uploads\/img_rscj_figures_1-260x300.jpg","contentUrl":"https:\/\/amasc.org\/wp-content\/uploads\/img_rscj_figures_1-260x300.jpg"},{"@type":"BreadcrumbList","@id":"https:\/\/amasc.org\/partners\/the-rscj-and-the-society-of-the-sacred-heart\/their-spirituality\/some-great-figures\/#breadcrumb","itemListElement":[{"@type":"ListItem","position":1,"name":"Home","item":"https:\/\/amasc.org\/"},{"@type":"ListItem","position":2,"name":"Relatives","item":"https:\/\/amasc.org\/partners\/"},{"@type":"ListItem","position":3,"name":"The RSCJ and the Society of the Sacred Heart","item":"https:\/\/amasc.org\/partners\/the-rscj-and-the-society-of-the-sacred-heart\/"},{"@type":"ListItem","position":4,"name":"Spirituality","item":"https:\/\/amasc.org\/partners\/the-rscj-and-the-society-of-the-sacred-heart\/their-spirituality\/"},{"@type":"ListItem","position":5,"name":"Some great figures"}]},{"@type":"WebSite","@id":"https:\/\/amasc.org\/#website","url":"https:\/\/amasc.org\/","name":"AMASC","description":"","publisher":{"@id":"https:\/\/amasc.org\/#organization"},"potentialAction":[{"@type":"SearchAction","target":{"@type":"EntryPoint","urlTemplate":"https:\/\/amasc.org\/?s={search_term_string}"},"query-input":{"@type":"PropertyValueSpecification","valueRequired":true,"valueName":"search_term_string"}}],"inLanguage":"es"},{"@type":"Organization","@id":"https:\/\/amasc.org\/#organization","name":"AMASC","url":"https:\/\/amasc.org\/","logo":{"@type":"ImageObject","inLanguage":"es","@id":"https:\/\/amasc.org\/#\/schema\/logo\/image\/","url":"https:\/\/amasc.org\/wp-content\/uploads\/logo-brand-red.png","contentUrl":"https:\/\/amasc.org\/wp-content\/uploads\/logo-brand-red.png","width":1283,"height":1624,"caption":"AMASC"},"image":{"@id":"https:\/\/amasc.org\/#\/schema\/logo\/image\/"}}]}},"taxonomy_info":[],"featured_image_src_large":false,"author_info":{"display_name":"AMASC","author_link":"https:\/\/amasc.org\/es\/author\/amasc\/"},"comment_info":0,"_links":{"self":[{"href":"https:\/\/amasc.org\/es\/wp-json\/wp\/v2\/pages\/887","targetHints":{"allow":["GET"]}}],"collection":[{"href":"https:\/\/amasc.org\/es\/wp-json\/wp\/v2\/pages"}],"about":[{"href":"https:\/\/amasc.org\/es\/wp-json\/wp\/v2\/types\/page"}],"author":[{"embeddable":true,"href":"https:\/\/amasc.org\/es\/wp-json\/wp\/v2\/users\/6"}],"replies":[{"embeddable":true,"href":"https:\/\/amasc.org\/es\/wp-json\/wp\/v2\/comments?post=887"}],"version-history":[{"count":0,"href":"https:\/\/amasc.org\/es\/wp-json\/wp\/v2\/pages\/887\/revisions"}],"up":[{"embeddable":true,"href":"https:\/\/amasc.org\/es\/wp-json\/wp\/v2\/pages\/872"}],"wp:attachment":[{"href":"https:\/\/amasc.org\/es\/wp-json\/wp\/v2\/media?parent=887"}],"curies":[{"name":"wp","href":"https:\/\/api.w.org\/{rel}","templated":true}]}}